{"id":1696,"date":"2020-06-24T05:27:07","date_gmt":"2020-06-24T05:27:07","guid":{"rendered":"https:\/\/lavanderiaalves.com.br\/index.php\/home-2\/"},"modified":"2023-09-11T10:53:20","modified_gmt":"2023-09-11T13:53:20","slug":"home-2","status":"publish","type":"page","link":"https:\/\/lavanderiaalves.com.br\/index.php\/home-2\/","title":{"rendered":"In\u00edcio"},"content":{"rendered":"\n<div class=\"wp-block-uagb-container uagb-block-28c26506 alignfull uagb-is-root-container\">\n<div class=\"wp-block-uagb-container uagb-block-dd25eba5\">\n<div class=\"wp-block-uagb-container uagb-block-6f663b8b\">\n<div class=\"wp-block-uagb-info-box uagb-block-c3bbceb0 uagb-infobox__content-wrap  uagb-infobox-icon-above-title uagb-infobox-image-valign-top\"><div class=\"uagb-ifb-content\"><div class=\"uagb-ifb-image-content\"><img loading=\"lazy\" decoding=\"async\" src=\"https:\/\/lavanderiaalves.com.br\/wp-content\/uploads\/2023\/09\/lavagem_de_estofados.webp\" alt=\"lavagem_de_estofados\" width=\"571\" height=\"277\" loading=\"lazy\"\/><\/div><div class=\"uagb-ifb-title-wrap\"><h1 class=\"uagb-ifb-title\">LAVAGEM DE ESTOFADOS<\/h1><\/div><div class=\"uagb-ifb-separator\"><\/div><p class=\"uagb-ifb-desc\">Limpeza completa com equipamentos e produtos modernos e espec\u00edficos. Eliminamos sujeiras e bact\u00e9rias. Para a sua comodidade, a lavagem \u00e9 feita no pr\u00f3prio local.<\/p><div class=\"uagb-ifb-button-wrapper wp-block-button\"><a href=\"https:\/\/lavanderiaalves.com.br\/index.php\/lavagem-de-sofas-e-estofados\/\" class=\"uagb-infobox-cta-link wp-block-button__link\" target=\"_self\" rel=\"noopener noreferrer\" onclick=\"return true;\" alt=\"\"><span class=\"uagb-inline-editing\">SAIBA MAIS<\/span><svg xmlns=\"https:\/\/www.w3.org\/2000\/svg\" viewBox=\"0 0 384 512\"><path d=\"M384 48V512l-192-112L0 512V48C0 21.5 21.5 0 48 0h288C362.5 0 384 21.5 384 48z\"><\/path><\/svg><\/a><\/div><\/div><\/div>\n<\/div>\n\n\n\n<div class=\"wp-block-uagb-container uagb-block-802a9c24\">\n<div class=\"wp-block-uagb-info-box uagb-block-e266a25e uagb-infobox__content-wrap  uagb-infobox-icon-above-title uagb-infobox-image-valign-top\"><div class=\"uagb-ifb-content\"><div class=\"uagb-ifb-image-content\"><img loading=\"lazy\" decoding=\"async\" src=\"https:\/\/lavanderiaalves.com.br\/wp-content\/uploads\/2023\/09\/lavagem_de_tapetes.webp\" alt=\"lavagem_de_tapetes\" width=\"571\" height=\"277\" loading=\"lazy\"\/><\/div><div class=\"uagb-ifb-title-wrap\"><h1 class=\"uagb-ifb-title\">LAVAGEM DE TAPETES<\/h1><\/div><div class=\"uagb-ifb-separator\"><\/div><p class=\"uagb-ifb-desc\">Lavamos tapetes nacionais e importados. <br>Retiramos entregamos sem custo adicional. Prazo de entrega de 7 a 10 dias \u00fateis. <\/p><div class=\"uagb-ifb-button-wrapper wp-block-button\"><a href=\"\/\/lavanderiaalves.com.br\/index.php\/lavagem-de-tapetes\" class=\"uagb-infobox-cta-link wp-block-button__link\" target=\"_self\" rel=\"noopener noreferrer\" onclick=\"return true;\" alt=\"\"><span class=\"uagb-inline-editing\">SAIBA MAIS<\/span><svg xmlns=\"https:\/\/www.w3.org\/2000\/svg\" viewBox=\"0 0 384 512\"><path d=\"M384 48V512l-192-112L0 512V48C0 21.5 21.5 0 48 0h288C362.5 0 384 21.5 384 48z\"><\/path><\/svg><\/a><\/div><\/div><\/div>\n<\/div>\n<\/div>\n<\/div>\n\n\n\n<div class=\"wp-block-uagb-container uagb-block-aefc714f alignfull uagb-is-root-container\"><div class=\"uagb-container-inner-blocks-wrap\">\n<div class=\"wp-block-uagb-container uagb-block-82f3f509\">\n<div class=\"inherit-container-width wp-block-group is-layout-constrained wp-block-group-is-layout-constrained\">\n<div class=\"wp-block-uagb-info-box uagb-block-64700422 uagb-infobox__content-wrap  uagb-infobox-icon-above-title uagb-infobox-image-valign-top\"><div class=\"uagb-ifb-content\"><div class=\"uagb-ifb-image-content\"><img loading=\"lazy\" decoding=\"async\" src=\"https:\/\/lavanderiaalves.com.br\/wp-content\/uploads\/2023\/09\/lavagem_de_cortina.webp\" alt=\"lavagem_de_cortina\" width=\"268\" height=\"201\" loading=\"lazy\"\/><\/div><div class=\"uagb-ifb-title-wrap\"><h2 class=\"uagb-ifb-title\">LAVAGEM DE CORTINAS<\/h2><\/div><div class=\"uagb-ifb-separator\"><\/div><p class=\"uagb-ifb-desc\">Mantenha a higiene e limpeza das suas cortinas residenciais ou da sua empresa. Frete de retirada e entrega sem custo adicional.<\/p><div class=\"uagb-ifb-button-wrapper wp-block-button\"><a href=\"https:\/\/lavanderiaalves.com.br\/index.php\/lavagem-de-cortinas\/\" class=\"uagb-infobox-cta-link wp-block-button__link\" target=\"_self\" rel=\"noopener noreferrer\" onclick=\"return true;\" alt=\"\"><span class=\"uagb-inline-editing\">SAIBA MAIS<\/span><svg xmlns=\"https:\/\/www.w3.org\/2000\/svg\" viewBox=\"0 0 384 512\"><path d=\"M384 48V512l-192-112L0 512V48C0 21.5 21.5 0 48 0h288C362.5 0 384 21.5 384 48z\"><\/path><\/svg><\/a><\/div><\/div><\/div>\n<\/div>\n<\/div>\n\n\n\n<div class=\"wp-block-uagb-container uagb-block-02c28c1d\">\n<div class=\"inherit-container-width wp-block-group is-layout-constrained wp-block-group-is-layout-constrained\">\n<div class=\"wp-block-uagb-info-box uagb-block-58fd5c92 uagb-infobox__content-wrap  uagb-infobox-icon-above-title uagb-infobox-image-valign-top\"><div class=\"uagb-ifb-content\"><div class=\"uagb-ifb-image-content\"><img loading=\"lazy\" decoding=\"async\" src=\"https:\/\/lavanderiaalves.com.br\/wp-content\/uploads\/2023\/09\/lavagem_de_persianas.webp\" alt=\"lavagem_de_persianas\" width=\"268\" height=\"201\" loading=\"lazy\"\/><\/div><div class=\"uagb-ifb-title-wrap\"><h2 class=\"uagb-ifb-title\">LAVAGEM DE PERSIANAS<\/h2><\/div><div class=\"uagb-ifb-separator\"><\/div><p class=\"uagb-ifb-desc\">M\u00e9todo especializado para lavagem e higieniza\u00e7\u00e3o de persianas residenciais ou da sua empresa. Frete de retirada e entrega sem custo adicional.<\/p><div class=\"uagb-ifb-button-wrapper wp-block-button\"><a href=\"https:\/\/lavanderiaalves.com.br\/index.php\/lavagem-de-persianas\" class=\"uagb-infobox-cta-link wp-block-button__link\" target=\"_self\" rel=\"noopener noreferrer\" onclick=\"return true;\" alt=\"\"><span class=\"uagb-inline-editing\">SAIBA MAIS<\/span><svg xmlns=\"https:\/\/www.w3.org\/2000\/svg\" viewBox=\"0 0 384 512\"><path d=\"M384 48V512l-192-112L0 512V48C0 21.5 21.5 0 48 0h288C362.5 0 384 21.5 384 48z\"><\/path><\/svg><\/a><\/div><\/div><\/div>\n<\/div>\n<\/div>\n\n\n\n<div class=\"wp-block-uagb-container uagb-block-27d6684b\">\n<div class=\"inherit-container-width wp-block-group is-layout-constrained wp-block-group-is-layout-constrained\">\n<div class=\"wp-block-uagb-info-box uagb-block-1cf9ea6c uagb-infobox__content-wrap  uagb-infobox-icon-above-title uagb-infobox-image-valign-top\"><div class=\"uagb-ifb-content\"><div class=\"uagb-ifb-image-content\"><img loading=\"lazy\" decoding=\"async\" src=\"https:\/\/lavanderiaalves.com.br\/wp-content\/uploads\/2023\/09\/impermeabilizacao.webp\" alt=\"impermeabiliza\u00e7\u00e3o\" width=\"268\" height=\"201\" loading=\"lazy\"\/><\/div><div class=\"uagb-ifb-title-wrap\"><h2 class=\"uagb-ifb-title\">IMPERMEABILIZA\u00c7\u00c3O<\/h2><\/div><div class=\"uagb-ifb-separator\"><\/div><p class=\"uagb-ifb-desc\">Sof\u00e1s, cadeiras, estofados, entre outros, assim evitando manchas no tecido e aumentando a durabilidade. Entenda mais sobre o processo de impermeabiliza\u00e7\u00e3o.<\/p><div class=\"uagb-ifb-button-wrapper wp-block-button\"><a href=\"https:\/\/lavanderiaalves.com.br\/index.php\/impermeabilizacao\" class=\"uagb-infobox-cta-link wp-block-button__link\" target=\"_self\" rel=\"noopener noreferrer\" onclick=\"return true;\" alt=\"\"><span class=\"uagb-inline-editing\">SAIBA MAIS<\/span><svg xmlns=\"https:\/\/www.w3.org\/2000\/svg\" viewBox=\"0 0 384 512\"><path d=\"M384 48V512l-192-112L0 512V48C0 21.5 21.5 0 48 0h288C362.5 0 384 21.5 384 48z\"><\/path><\/svg><\/a><\/div><\/div><\/div>\n<\/div>\n<\/div>\n<\/div><\/div>\n\n\n\n<div class=\"wp-block-uagb-container uagb-block-c57d9034 alignfull uagb-is-root-container\">\n<div class=\"wp-block-uagb-advanced-heading uagb-block-829e0b0a\"><h1 class=\"uagb-heading-text\">ANTES E DEPOIS<\/h1><\/div>\n\n\n<\/div>\n\n\n\n<div class=\"wp-block-uagb-container uagb-block-6cd27fda alignfull uagb-is-root-container\"><div class=\"uagb-container-inner-blocks-wrap\">\n<div class=\"wp-block-uagb-advanced-heading uagb-block-4232dd62\"><h1 class=\"uagb-heading-text\">LAVANDERIA NA M\u00cdDIA<\/h1><\/div>\n\n\n\n<div class=\"wp-block-uagb-container uagb-block-7b7c88b1\">\n<figure class=\"wp-block-embed is-type-video is-provider-youtube wp-block-embed-youtube wp-embed-aspect-16-9 wp-has-aspect-ratio\"><div class=\"wp-block-embed__wrapper\">\n<div class=\"ast-oembed-container\" style=\"height: 100%;\"><iframe title=\"Lavagem Especializada de Sof\u00e1 I Lavanderia Alves I Gazeta Shopping\" width=\"500\" height=\"281\" src=\"https:\/\/www.youtube.com\/embed\/RG3RZEMSjoE?feature=oembed\" frameborder=\"0\" allow=\"accelerometer; autoplay; clipboard-write; encrypted-media; gyroscope; picture-in-picture; web-share\" referrerpolicy=\"strict-origin-when-cross-origin\" allowfullscreen><\/iframe><\/div>\n<\/div><\/figure>\n<\/div>\n\n\n\n<div class=\"wp-block-uagb-container uagb-block-2b5e34fc\">\n<figure class=\"wp-block-embed is-type-video is-provider-youtube wp-block-embed-youtube wp-embed-aspect-16-9 wp-has-aspect-ratio\"><div class=\"wp-block-embed__wrapper\">\n<div class=\"ast-oembed-container\" style=\"height: 100%;\"><iframe title=\"GAZETA SHOPPING - LAVANDERIA ALVES - V\u00cdDEO 3\" width=\"500\" height=\"281\" src=\"https:\/\/www.youtube.com\/embed\/kOdasixpjmk?feature=oembed\" frameborder=\"0\" allow=\"accelerometer; autoplay; clipboard-write; encrypted-media; gyroscope; picture-in-picture; web-share\" referrerpolicy=\"strict-origin-when-cross-origin\" allowfullscreen><\/iframe><\/div>\n<\/div><\/figure>\n<\/div>\n\n\n\n<div class=\"wp-block-uagb-container uagb-block-fd0c756a alignfull uagb-is-root-container\"><div class=\"uagb-container-inner-blocks-wrap\">\n<div class=\"wp-block-uagb-marketing-button uagb-marketing-btn__align-center uagb-marketing-btn__align-text-center uagb-marketing-btn__icon-after uagb-block-96e354f6 wp-block-button\"><a href=\"https:\/\/lavanderiaalves.com.br\/index.php\/na-midia\/\" class=\"uagb-marketing-btn__link wp-block-button__link\" target=\"\" rel=\"noopener noreferrer\"><h1 class=\"uagb-marketing-btn__title\">ASSISTA A MAIS V\u00cdDEOS<\/h1><svg xmlns=\"https:\/\/www.w3.org\/2000\/svg\" viewBox=\"0 0 576 512\"><path d=\"M384 112v288c0 26.51-21.49 48-48 48h-288c-26.51 0-48-21.49-48-48v-288c0-26.51 21.49-48 48-48h288C362.5 64 384 85.49 384 112zM576 127.5v256.9c0 25.5-29.17 40.39-50.39 25.79L416 334.7V177.3l109.6-75.56C546.9 87.13 576 102.1 576 127.5z\"><\/path><\/svg><\/a><\/div>\n<\/div><\/div>\n<\/div><\/div>\n\n\n\n<div class=\"wp-block-uagb-container uagb-block-a0278634 alignfull uagb-is-root-container\"><div class=\"uagb-container-inner-blocks-wrap\">\n<div class=\"wp-block-uagb-container uagb-block-51966c74\">\n<div class=\"wp-block-uagb-image aligncenter uagb-block-49178dc5 wp-block-uagb-image--layout-default wp-block-uagb-image--effect-static wp-block-uagb-image--align-center\"><figure class=\"wp-block-uagb-image__figure\"><img loading=\"lazy\" decoding=\"async\" srcset=\"https:\/\/lavanderiaalves.com.br\/wp-content\/uploads\/2023\/09\/clientelavanderiaalves-1024x1024.webp \" sizes=\"auto, (max-width: 480px) 150px\" src=\"https:\/\/lavanderiaalves.com.br\/wp-content\/uploads\/2023\/09\/clientelavanderiaalves-1024x1024.webp\" alt=\"cliente_lavanderia_alves\" class=\"uag-image-3954\" width=\"1024\" height=\"1024\" title=\"\" loading=\"lazy\"\/><\/figure><\/div>\n<\/div>\n\n\n\n<div class=\"wp-block-uagb-container uagb-block-5d63e2eb alignfull uagb-is-root-container\"><div class=\"uagb-container-inner-blocks-wrap\">\n<div class=\"wp-block-uagb-advanced-heading uagb-block-a50e3578\"><h1 class=\"uagb-heading-text\">O QUE FALAM SOBRE N\u00d3S<\/h1><\/div>\n\n\n\n<div class=\"wp-block-uagb-testimonial uagb-slick-carousel uagb-tm__arrow-outside uagb-block-1cbf971c\"><div class=\"is-carousel uagb-tm__columns-1 uagb-tm__items\"><div class=\"uagb-testimonial__wrap  uagb-tm__imgicon-style-circle uagb-tm__image-position-bottom uagb-tm__bg-type-none \"><div class=\"uagb-tm__content\"><div class=\"uagb-tm__overlay\"><\/div><div class=\"uagb-tm__text-wrap\"><div class=\"uagb-tm__desc\">&#8220;Minhas persianas n\u00e3o tinham mais condi\u00e7\u00f5es. Encontrei a Lavanderia Alves e resolvi meus problemas. Limpeza muito bem feita. Minhas persianas agora est\u00e3o novas e higienizadas&#8221;.<\/div><div class=\"uagb-tm__meta-inner\"><div class=\"uagb-testimonial-details\"><span class=\"uagb-tm__author-name\">Fernanda <\/span><span class=\"uagb-tm__company\">S\u00e3o Bernardo do Campo &#8211; SP<\/span><\/div><\/div><\/div><\/div><\/div><div class=\"uagb-testimonial__wrap  uagb-tm__imgicon-style-circle uagb-tm__image-position-bottom uagb-tm__bg-type-none \"><div class=\"uagb-tm__content\"><div class=\"uagb-tm__overlay\"><\/div><div class=\"uagb-tm__text-wrap\"><div class=\"uagb-tm__desc\">&#8220;Depois que higienizei meu sof\u00e1, minha filha n\u00e3o teve mais problemas de rinite. Agrade\u00e7o \u00e0 equipe da Lavanderia Alves pela limpeza. Recomendo a todos&#8221;. <\/div><div class=\"uagb-tm__meta-inner\"><div class=\"uagb-testimonial-details\"><span class=\"uagb-tm__author-name\">Luciana <\/span><span class=\"uagb-tm__company\">Santo Andr\u00e9 &#8211; SP<\/span><\/div><\/div><\/div><\/div><\/div><div class=\"uagb-testimonial__wrap  uagb-tm__imgicon-style-circle uagb-tm__image-position-bottom uagb-tm__bg-type-none \"><div class=\"uagb-tm__content\"><div class=\"uagb-tm__overlay\"><\/div><div class=\"uagb-tm__text-wrap\"><div class=\"uagb-tm__desc\">&#8220;Est\u00e1vamos procurando um parceiro par atender a demanda de limpeza de tapetes aqui da empresa. Ainda bem que encontramos a Lavanderia Alves: agilidade e \u00f3timo servi\u00e7o!&#8221;.<\/div><div class=\"uagb-tm__meta-inner\"><div class=\"uagb-testimonial-details\"><span class=\"uagb-tm__author-name\">M\u00e1rcio <\/span><span class=\"uagb-tm__company\">S\u00e3o Paulo &#8211; Capital<\/span><\/div><\/div><\/div><\/div><\/div><\/div><\/div>\n<\/div><\/div>\n<\/div><\/div>\n\n\n\n<div class=\"wp-block-uagb-container uagb-block-9f754e52 alignfull uagb-is-root-container\"><div class=\"uagb-container-inner-blocks-wrap\">\n<div class=\"wp-block-uagb-advanced-heading uagb-block-78fe0745\"><h1 class=\"uagb-heading-text\">OUTROS SERVI\u00c7OS<\/h1><\/div>\n<\/div><\/div>\n\n\n\n<div class=\"wp-block-uagb-container uagb-block-6f0b1f45 alignfull uagb-is-root-container\"><div class=\"uagb-container-inner-blocks-wrap\">\n<div class=\"wp-block-uagb-container uagb-block-08568cfc\">\n<ul class=\"has-ast-global-color-5-color has-text-color has-link-color wp-block-list wp-elements-90066397ccae5c926565a5db8c4f86e5\" style=\"margin-top:0;margin-right:0;margin-bottom:0;margin-left:0;padding-top:0;padding-right:0;padding-bottom:0;padding-left:0;font-size:14px;line-height:2.5;text-transform:capitalize\">\n<li class=\"has-small-font-size\">Lavagem e higieniza\u00e7\u00e3o de colch\u00f5es<\/li>\n\n\n\n<li class=\"has-small-font-size\">Lavagem e higieniza\u00e7\u00e3o de sof\u00e1s cama<\/li>\n\n\n\n<li>Lavagem e higieniza\u00e7\u00e3o de poltronas<\/li>\n\n\n\n<li>Lavagem e higieniza\u00e7\u00e3o de cadeiras<\/li>\n\n\n\n<li>Lavagem e higieniza\u00e7\u00e3o de cadeiras de escrit\u00f3rio  <\/li>\n\n\n\n<li>Lavagem e higieniza\u00e7\u00e3o de puffs<\/li>\n<\/ul>\n<\/div>\n\n\n\n<div class=\"wp-block-uagb-container uagb-block-6a7950b5\">\n<ul class=\"has-ast-global-color-5-color has-text-color has-link-color wp-block-list wp-elements-0d4533fe225b5b4cff073828a420d79a\" style=\"margin-top:0;margin-right:0;margin-bottom:0;margin-left:0;padding-top:0;padding-right:0;padding-bottom:0;padding-left:0;font-size:14px;line-height:2.5;text-transform:capitalize\">\n<li>Lavagem e higieniza\u00e7\u00e3o de carrinho\/carrinhos de beb\u00eas<\/li>\n\n\n\n<li>Lavagem e higieniza\u00e7\u00e3o de t\u00eanis<\/li>\n\n\n\n<li>Lavagem e higieniza\u00e7\u00e3o de pillow top<\/li>\n\n\n\n<li>Lavagem e higieniza\u00e7\u00e3o de cama pet<\/li>\n\n\n\n<li>Restaura\u00e7\u00e3o de tapetes<\/li>\n\n\n\n<li>Manuten\u00e7\u00e3o de persianas<\/li>\n<\/ul>\n<\/div>\n\n\n\n<div class=\"wp-block-uagb-container uagb-block-c850a463\">\n<div class=\"wp-block-uagb-advanced-heading uagb-block-6263044e\"><h1 class=\"uagb-heading-text\">RESTAURA\u00c7\u00c3O DE TAPETES, CORTE,  CORD\u00d5ES E FRANJAS <\/h1><\/div>\n<\/div>\n<\/div><\/div>\n","protected":false},"excerpt":{"rendered":"","protected":false},"author":1,"featured_media":0,"parent":0,"menu_order":0,"comment_status":"closed","ping_status":"closed","template":"","meta":{"site-sidebar-layout":"no-sidebar","site-content-layout":"page-builder","ast-site-content-layout":"full-width-container","site-content-style":"unboxed","site-sidebar-style":"unboxed","ast-global-header-display":"","ast-banner-title-visibility":"","ast-main-header-display":"","ast-hfb-above-header-display":"","ast-hfb-below-header-display":"","ast-hfb-mobile-header-display":"","site-post-title":"disabled","ast-breadcrumbs-content":"","ast-featured-img":"disabled","footer-sml-layout":"","theme-transparent-header-meta":"default","adv-header-id-meta":"","stick-header-meta":"","header-above-stick-meta":"","header-main-stick-meta":"","header-below-stick-meta":"","astra-migrate-meta-layouts":"set","ast-page-background-enabled":"default","ast-page-background-meta":{"desktop":{"background-color":"","background-image":"","background-repeat":"repeat","background-position":"center center","background-size":"auto","background-attachment":"scroll","background-type":"","background-media":"","overlay-type":"","overlay-color":"","overlay-gradient":""},"tablet":{"background-color":"","background-image":"","background-repeat":"repeat","background-position":"center center","background-size":"auto","background-attachment":"scroll","background-type":"","background-media":"","overlay-type":"","overlay-color":"","overlay-gradient":""},"mobile":{"background-color":"","background-image":"","background-repeat":"repeat","background-position":"center center","background-size":"auto","background-attachment":"scroll","background-type":"","background-media":"","overlay-type":"","overlay-color":"","overlay-gradient":""}},"ast-content-background-meta":{"desktop":{"background-color":"var(--ast-global-color-5)","background-image":"","background-repeat":"repeat","background-position":"center center","background-size":"auto","background-attachment":"scroll","background-type":"","background-media":"","overlay-type":"","overlay-color":"","overlay-gradient":""},"tablet":{"background-color":"var(--ast-global-color-5)","background-image":"","background-repeat":"repeat","background-position":"center center","background-size":"auto","background-attachment":"scroll","background-type":"","background-media":"","overlay-type":"","overlay-color":"","overlay-gradient":""},"mobile":{"background-color":"var(--ast-global-color-5)","background-image":"","background-repeat":"repeat","background-position":"center center","background-size":"auto","background-attachment":"scroll","background-type":"","background-media":"","overlay-type":"","overlay-color":"","overlay-gradient":""}},"_joinchat":[],"footnotes":""},"class_list":["post-1696","page","type-page","status-publish","hentry"],"_links":{"self":[{"href":"https:\/\/lavanderiaalves.com.br\/index.php\/wp-json\/wp\/v2\/pages\/1696","targetHints":{"allow":["GET"]}}],"collection":[{"href":"https:\/\/lavanderiaalves.com.br\/index.php\/wp-json\/wp\/v2\/pages"}],"about":[{"href":"https:\/\/lavanderiaalves.com.br\/index.php\/wp-json\/wp\/v2\/types\/page"}],"author":[{"embeddable":true,"href":"https:\/\/lavanderiaalves.com.br\/index.php\/wp-json\/wp\/v2\/users\/1"}],"replies":[{"embeddable":true,"href":"https:\/\/lavanderiaalves.com.br\/index.php\/wp-json\/wp\/v2\/comments?post=1696"}],"version-history":[{"count":1,"href":"https:\/\/lavanderiaalves.com.br\/index.php\/wp-json\/wp\/v2\/pages\/1696\/revisions"}],"predecessor-version":[{"id":4057,"href":"https:\/\/lavanderiaalves.com.br\/index.php\/wp-json\/wp\/v2\/pages\/1696\/revisions\/4057"}],"wp:attachment":[{"href":"https:\/\/lavanderiaalves.com.br\/index.php\/wp-json\/wp\/v2\/media?parent=1696"}],"curies":[{"name":"wp","href":"https:\/\/api.w.org\/{rel}","templated":true}]}}